{"id":6,"date":"2017-06-10T08:24:41","date_gmt":"2017-06-10T08:24:41","guid":{"rendered":"http:\/\/xtratheme.combarber\/?page_id=6"},"modified":"2024-09-23T19:18:25","modified_gmt":"2024-09-23T17:18:25","slug":"about","status":"publish","type":"page","link":"https:\/\/franzfrickel.de\/?page_id=6","title":{"rendered":"\u00dcber mich"},"content":{"rendered":"<div class=\"wpb-content-wrapper\"><p>[vc_row][vc_column width=&#8220;1\/2&#8243;]<div class=\"cz_svg clr\" style=\"background-image: url(https:\/\/franzfrickel.de\/wp-content\/uploads\/2020\/10\/Franz-Frickel_2020_129-0-1-Edit-Haze-Test.jpg);\"><svg xmlns=\"http:\/\/www.w3.org\/2000\/svg\" viewBox=\"0 0 1000 800\">\n<path style=\"fill:#ffffff;stroke:#ffffff;stroke-width: 2px\" d=\"M0,0H1000V800H0V0ZM543,99V263H796V99H543ZM224,147V321H523V147H224ZM543,283V440H951V283H543ZM64,341V715H523V341H64ZM543,460V640H832V460H543Z\"\/>\n<\/svg><\/div><div id=\"cz_99616\" class=\"cz_99616 cz_title clr cz_title_pos_inline wpb_animate_when_almost_visible fadeIn\"><div class=\"cz_title_content\"><div class=\"cz_wpe_content\"><h3><span style=\"font-size: 40px;\">Franz Frickel<\/span><\/h3>\n<\/div><span class=\"cz_line_side_solo cz_line_side_after\">_<\/span><\/div><\/div><div class=\"cz_gap clr \" style=\"height: 20px\"><\/div>[vc_column_text css_animation=&#8220;fadeInUp&#8220; css=&#8220;&#8220;]<\/p>\n<p style=\"text-align: justify;\"><span style=\"color: #666666;\">kann auf eine fast 30 j\u00e4hrige B\u00fchnenpr\u00e4senz zur\u00fcckblicken. Er arbeitet Genre \u00fcbergreifend. Sein k\u00fcnstlerisches Zuhause ist sowohl im klassischen Theater, im Musiktheater wie auch im Musical und in der Kleinkunst. Sein Rollenrepertoire reicht von Tschechow \u00fcber Shakespeare bis hin zu Jim Steinmans <strong>\u201eTanz der Vampire\u201c<\/strong> und <strong>\u201eDas Phantom der Oper\u201c<\/strong>, Seine Stationen f\u00fchrten ihn u.a. ins <strong>Theater des Westens Berlin<\/strong>, den <strong>Vereinigten B\u00fchnen Wiens<\/strong>, der <strong>Kom\u00f6die am Ku&#8216; damm Berlin<\/strong>, dem <strong>N\u00fcrnberger Staatstheater<\/strong>, dem <strong>Theater Baden-Baden<\/strong> bis hin zu den <strong>Bad Hersfelder Festspielen<\/strong>. Seit Jahren konnte man ihn auch in der bekannten Berliner Formation der &#8222;Comedian Harmonists Today&#8220; sehen und h\u00f6ren. Diese Formierung tritt jetzt in frischer Besetzung unter dem neuen Namen <strong>&#8222;Comedian Harmonists Forever&#8220;<\/strong> auf, in der Franz selbstverst\u00e4ndlich wieder mit von der Partie ist.<br \/>\n<\/span>[\/vc_column_text][vc_single_image image=&#8220;1198&#8243; img_size=&#8220;large&#8220; add_caption=&#8220;yes&#8220; alignment=&#8220;center&#8220; style=&#8220;vc_box_shadow_3d&#8220; onclick=&#8220;custom_link&#8220; img_link_target=&#8220;_blank&#8220; css_animation=&#8220;fadeInUp&#8220; css=&#8220;&#8220; title=&#8220;Comedian Harmonists Forever&#8220; link=&#8220;https:\/\/comedianharmonistsforever.de&#8220;]<div id=\"cz_30440\" class=\"cz_30440 cz_title clr cz_title_pos_inline wpb_animate_when_almost_visible fadeIn\"><div class=\"cz_title_content\"><div class=\"cz_wpe_content\"><h4>Franz Frickel | Kurz und b\u00fcndig &#8230;<\/h4>\n<\/div><span class=\"cz_line_side_solo cz_line_side_after\">_<\/span><\/div><\/div><div class=\"cz_gap clr \" style=\"height: 30px\"><\/div><div class=\"clr\"><ul id=\"cz_92699\" class=\"cz_92699 cz_stylish_list clr cz_sl_icon_hover_zoom_in\"><li class=\"clr\"><div class=\"cz_sl_icon\"><i class=\"fas fa-birthday-cake mr10\"><\/i><\/div><div><span>Geboren<small>1973 in Rom<\/small><\/span><\/div><\/li><li class=\"clr\"><div class=\"cz_sl_icon\"><i class=\"fas fa-text-height mr10\"><\/i><\/div><div><span>Gr\u00f6\u00dfe<small>183 cm<\/small><\/span><\/div><\/li><li class=\"clr\"><div class=\"cz_sl_icon\"><i class=\"fas fa-heading mr10\"><\/i><\/div><div><span>Haarfarbe<small>dunkelblond<\/small><\/span><\/div><\/li><li class=\"clr\"><div class=\"cz_sl_icon\"><i class=\"far fa-eye mr10\"><\/i><\/div><div><span>Augen<small>braun<\/small><\/span><\/div><\/li><li class=\"clr\"><div class=\"cz_sl_icon\"><i class=\"fab fa-speakap mr10\"><\/i><\/div><div><span>Sprachen<small>Englisch (flie\u00dfend), Italienisch (flie\u00dfend), Russisch<\/small><\/span><\/div><\/li><li class=\"clr\"><div class=\"cz_sl_icon\"><i class=\"fab fa-teamspeak mr10\"><\/i><\/div><div><span>Dialekte<small>\u00d6sterreichische und s\u00fcddeutsche Dialekte<\/small><\/span><\/div><\/li><li class=\"clr\"><div class=\"cz_sl_icon\"><i class=\"fas fa-shoe-prints mr10\"><\/i><\/div><div><span>Tanz<small>Musical (sehr gut), Jazz Dance (gut), Modern Dance (gut)<\/small><\/span><\/div><\/li><li class=\"clr\"><div class=\"cz_sl_icon\"><i class=\"fas fa-passport mr10\"><\/i><\/div><div><span>Sport<small>Fechten<\/small><\/span><\/div><\/li><li class=\"clr\"><div class=\"cz_sl_icon\"><i class=\"fas fa-music mr10\"><\/i><\/div><div><span>Stimmlage (Gesang)<small>Tenor (Operette, Musical, Chanson)<\/small><\/span><\/div><\/li><li class=\"clr\"><div class=\"cz_sl_icon\"><i class=\"fas fa-american-sign-language-interpreting mr10\"><\/i><\/div><div><span>Instrumente<small>Klavier, Gitarre<\/small><\/span><\/div><\/li><li class=\"clr\"><div class=\"cz_sl_icon\"><i class=\"fas fa-car-alt mr10\"><\/i><\/div><div><span>F\u00fchrerschein<small>PKW, Motorrad<\/small><\/span><\/div><\/li><li class=\"clr\"><div class=\"cz_sl_icon\"><i class=\"fas fa-theater-masks mr10\"><\/i><\/div><div><span>Ausbildung<small>Schauspiel- und Gesangsstudium an der Hochschule f\u00fcr Musik und darstellende Kunst in Graz (Diplom)<\/small><\/span><\/div><\/li><\/ul><\/div><div class=\"cz_gap clr  hide_on_tablet hide_on_mobile\" style=\"height: 50px\"><\/div><div class=\"cz_gap show_on_tablet clr \" style=\"height: 50px\"><\/div><div class=\"cz_btn_center\"><div class=\"cz_35119_p\"><a id=\"cz_35119\" class=\"cz_35119 cz_btn cz_btn_txt_no_fx cz_btn_no_fx\" href=\"https:\/\/franzfrickel.de\/?page_id=18\" title=\"Kontakt\" role=\"button\" tabindex=\"0\" aria-label=\"Kontakt\"><span><strong>Kontakt<\/strong><\/span><b class=\"cz_btn_onhover\"><strong>Kontakt<\/strong><\/b><\/a><\/div><\/div><div class=\"cz_gap clr  hide_on_tablet hide_on_mobile\" style=\"height: 80px\"><\/div><div class=\"cz_gap show_on_tablet clr \" style=\"height: 50px\"><\/div>[vc_single_image image=&#8220;954&#8243; img_size=&#8220;full&#8220; alignment=&#8220;center&#8220; style=&#8220;vc_box_shadow_3d&#8220;][\/vc_column][vc_column width=&#8220;1\/2&#8243;]<div class=\"cz_gap clr \" style=\"height: 150px\"><\/div><div id=\"cz_12041\" class=\"cz_12041 cz_title clr cz_title_pos_inline\"><div class=\"cz_title_content\"><div class=\"cz_wpe_content\"><h3>Engagements<\/h3>\n<\/div><\/div><\/div><div class=\"cz_gap clr \" style=\"height: 40px\"><\/div><div id=\"cz_49420\" class=\"cz_49420\"><div class=\"cz_history_1 cz_has_year\"><span>2026<\/span><div>[vc_column_text css=&#8220;&#8220;]<strong>&#8222;Wiener Blut&#8220;<\/strong>, <em>(Operette von Johann Strauss Sohn)<\/em>, Rolle: F\u00fcrst Ypsheim &#8211; Gindelbach, Premierminister von Reu\u00df-Schleiz-Greiz, Inszenierung: Michael Lakner, <strong>B\u00fchnen Baden<\/strong><\/p>\n<p><strong>&#8222;FALCO &#8211; Rock Me Amadeus\u201c<\/strong>, <em>(C.Struppeck,Reed,Van Laast)<\/em>, Rolle: Markus , Regie: Andreas Gergen, <strong>Vereinigte B\u00fchnen Wien | Theater Ronacher<\/strong><\/p>\n<p><strong>\u201eAschenputtel\u201c,\u00a0<\/strong>Rolle: K\u00f6nig Siegfried , Regie: Bart De Clercq, <strong>Br\u00fcder Grimm Festspielen Hanau<\/strong><\/p>\n<p><strong>Die Rache der Fledermaus&#8220;<\/strong><em>, <\/em><em>(J.Strauss\/Huber\/Tietje)<\/em>, Regie: Stefan Huber | Rolle: Gef\u00e4ngnisdirektor Frank,<strong> Komische Oper Berlin<\/strong><\/p>\n<p><strong>Die Rache der Fledermaus&#8220;<\/strong><em>, <\/em><em>(J.Strauss\/Huber\/Tietje)<\/em>, Regie: Stefan Huber | Rolle: Gef\u00e4ngnisdirektor Frank,<strong> Festspiele Bad Hersfeld<br \/>\n<\/strong><\/p>\n<p>&nbsp;[\/vc_column_text]<div class=\"cz_gap clr \" style=\"height: 30px\"><\/div><\/div><\/div><\/div><div id=\"cz_92236\" class=\"cz_92236\"><div class=\"cz_history_1 cz_has_year\"><span>2022<\/span><div>[vc_column_text]<strong>&#8222;Spamalot&#8220;<\/strong><em>,<\/em> <em>(John Du Prez &amp; Eric Idle)<\/em>, Regie: Marten Sand |<br \/>\nRollen (\u00dcbernahme): Sir Galahad und Prinz Herberts Vater, <strong>Seefestival Wustrau <\/strong>in Kooperation mit dem <strong>Schlossparktheater Berlin<\/strong><\/p>\n<p><strong>&#8222;Der Mann von La Mancha&#8220;<em>, <\/em><\/strong><em>(nach\u00a0 Miguel de Cervantes),\u00a0<\/em> Regie (UA): Albert Marre | Rolle: Sancho Panza,<strong> Eurostudio Landgraf (Tournee)<br \/>\n<\/strong><\/p>\n<p><strong>Die Rache der Fledermaus&#8220;<\/strong><em>, <\/em><em>(J.Strauss\/Huber\/Tietje)<\/em>, Regie: Stefan Huber | Rolle: Dr. Frank,<strong> Bernhard Theater, Z\u00fcrich<\/strong><\/p>\n<p><strong>&#8222;Mamma Mia&#8220;, <\/strong><em>(Ulvaeus\/Anderson\/Johnson)<\/em>,\u00a0 Regie: P-LIoyd\/Paul Gerrington | Rollen: Sam\/Bill, <strong>Theater des Westens Berlin<\/strong>[\/vc_column_text]<div class=\"cz_gap clr \" style=\"height: 30px\"><\/div><\/div><\/div><\/div><div id=\"cz_110600\" class=\"cz_110600\"><div class=\"cz_history_1 cz_has_year\"><span>2017-2019<\/span><div>[vc_column_text]<strong>&#8222;I am from Austria&#8220;<\/strong>, Musical Urauff\u00fchrung <em>(Titus Hoffman\/Christian Struppeck)<\/em>, Musik: Reinhard Fendrich, Regie: Andreas Gergen | Rolle: u.a. Wolfgang Edler, Rainer Berger, <strong>Vereinigte B\u00fchnen Wien<\/strong>[\/vc_column_text]<div class=\"cz_gap clr \" style=\"height: 50px\"><\/div><\/div><\/div><\/div><div id=\"cz_77729\" class=\"cz_77729\"><div class=\"cz_history_1 cz_has_year\"><span>2018<\/span><div>[vc_column_text]<strong>&#8222;Im wei\u00dfen R\u00f6ssl&#8220;, <\/strong><em>(<\/em><em>Benatzky\/Einigen\/Charell)<\/em>, Regie: Sebastian Eilers | Rolle: Leopold Brandmaier, <strong>Frankenfestspiele R\u00f6ttingen<\/strong><\/p>\n<p><strong>\u201e Elegies &#8211; Lieder f\u00fcr Engel, Punks und Dramaqueens\u201c<\/strong> <em>von Bill Russel<\/em> <em>(Deutsche UA), Deutsch: Kulisch\/Witzke, <\/em>Regie: Daniel Witzke, Rolle: Orville, &#8211; Benefizveranstaltung im <strong>Berliner Admiralspalast<\/strong><\/p>\n<p><!--StartFragment -->[\/vc_column_text]<\/div><\/div><\/div><div id=\"cz_77398\" class=\"cz_77398\"><div class=\"cz_history_1 cz_has_year\"><span>2017<\/span><div>[vc_column_text]<strong>&#8222;Luther&#8220; &#8211; Rebell Gottes&#8220;<\/strong>, Musical (UA) von <em>Christian Auer und Nina Schneider, <\/em>Regie: Werner Bauer, Rollen: Papst Leo X und Georg Spalatin, <strong>Stadttheater F\u00fcrth<\/strong><\/p>\n<p><!--StartFragment -->[\/vc_column_text]<\/div><\/div><\/div><div id=\"cz_48974\" class=\"cz_48974\"><div class=\"cz_history_1 cz_has_year\"><span>2016<\/span><div>[vc_column_text]<strong>&#8222;Sugar &#8211; Manche m\u00f6gens heiss&#8220;<\/strong>, Regie: Werner Bauer, Rollen: Jerry\/Daphne, <strong>Thuner Seespiele <\/strong>[\/vc_column_text]<div class=\"cz_gap clr \" style=\"height: 50px\"><\/div><\/div><\/div><\/div><div id=\"cz_55793\" class=\"cz_55793\"><div class=\"cz_history_1 cz_has_year\"><span>2015-2016<\/span><div>[vc_column_text]<strong>\u201eElisabeth\u201c, <\/strong><em>Musical<\/em><strong> &#8211; <\/strong>Regie: Harry Kupfer, Rollen: Graf Gr\u00fcnne, Cover Max von Bayern<strong>, LaBelle Tour Deutschland<\/strong>[\/vc_column_text]<div class=\"cz_gap clr \" style=\"height: 50px\"><\/div><\/div><\/div><\/div><div id=\"cz_86389\" class=\"cz_86389\"><div class=\"cz_history_1 cz_has_year\"><span>2015<\/span><div>[vc_column_text]<strong>&#8222;Der Hauptmann von K\u00f6penick&#8220;<\/strong>, <em>Musical (UA) nach den gleichnamigen St\u00fcck von Carl Zuckmeyer,<\/em> Regie: Christian Berg, Regie &amp; Musik: Heiko Stang, Rollen: Kallenberg, Gef\u00e4ngnisdirektor, Gefreiter, Kommissar, <strong>K\u00f6penicker Rathaushoftheater Berlin<\/strong>[\/vc_column_text]<div class=\"cz_gap clr \" style=\"height: 50px\"><\/div><\/div><\/div><\/div><div id=\"cz_106646\" class=\"cz_106646\"><div class=\"cz_history_1 cz_has_year\"><span>2014-2015<\/span><div>[vc_column_text]<strong>&#8222;Mamma Mia\u201c<\/strong>, <em>(Ulvaeus\/Andersson\/Johnson, Harry\/Sam)<\/em>, Regie: P. Lloyd\/Paul Gerrington, <strong>Theater des Westens Berlin<\/strong>[\/vc_column_text]<div class=\"cz_gap clr \" style=\"height: 50px\"><\/div><\/div><\/div><\/div><div id=\"cz_48301\" class=\"cz_48301\"><div class=\"cz_history_1 cz_has_year\"><span>2014<\/span><div>[vc_column_text]<strong>\u201eAchtung Schwiiz\u201c<\/strong>, <em>Schweizer Erstauff\u00fchrung von Stefan V\u00f6gel<\/em>, Regie: Stefan Huber (Rudi Lips), <strong>Casinotheater Winterthur<\/strong><\/p>\n<p><strong>\u201eGypsy im Red Rose&#8220; <\/strong><em>Adaption nach dem Musical &#8222;Gypsy&#8220; von Styne\/Sondheim, von Martin G. Berger, <\/em>Regie: Martin G. Berger, Rolle: Herbie, <strong>Red Rose Club Berlin<\/strong>[\/vc_column_text]<div class=\"cz_gap clr \" style=\"height: 50px\"><\/div><\/div><\/div><\/div><div id=\"cz_70792\" class=\"cz_70792\"><div class=\"cz_history_1 cz_has_year\"><span>2013<\/span><div>[vc_column_text]<strong>&#8222;Die Drei von der Stammzelle&#8220;<\/strong>, <em>Ein satirisches Musical von Tom van Hasselt<\/em>, eine Produktion der Stammzellformation Berlin. Regie: Gustav Rueb, (Franz und diverse andere). <strong>BKA am Mehringdamm Berlin<\/strong>[\/vc_column_text]<div class=\"cz_gap clr \" style=\"height: 50px\"><\/div><\/div><\/div><\/div><div id=\"cz_28737\" class=\"cz_28737\"><div class=\"cz_history_1 cz_has_year\"><span>2012-2013<\/span><div>[vc_column_text]<strong>&#8222;Tanz der Vampire&#8220;<\/strong>, <em>Musical von Michael Kunze\/Jim Steinman<\/em>, Regie: Cornelius Baltus, Rolle: Prof. Abronsius\/Chagal, <strong>Theater des Westens Berlin<\/strong><\/p>\n<p><!--StartFragment -->[\/vc_column_text]<\/div><\/div><\/div><div id=\"cz_51910\" class=\"cz_51910\"><div class=\"cz_history_1 cz_has_year\"><span>2012<\/span><div>[vc_column_text]<strong>&#8222;Anatevka&#8220;<\/strong>, <em>Musical von Joseph Stein\/Jerry Brock<\/em>, Regie: Stefan Huber, Rolle: Awram, <strong>Festspiele Bad Hersfeld<\/strong><\/p>\n<p><strong>&#8222;Das Phantom der Oper&#8220;<\/strong>, <em>Musical von Moss\/Sasson<\/em>, Regie: J.Sautter, Rolle: Operndirektor Firmin Richard, <strong>Tournee WW-Events<\/strong><\/p>\n<p><!--StartFragment -->[\/vc_column_text]<\/div><\/div><\/div><div id=\"cz_103651\" class=\"cz_103651\"><div class=\"cz_history_1 cz_has_year\"><span>2011-2012<\/span><div>[vc_column_text]<strong>&#8222;Russki Rabatzki&#8220; I+II, &#8222;Vom Schaden des Tabaks, &#8222;Trag\u00f6die wider Willen&#8220;<\/strong>, <em>Zwei Einakter von Anton Tschechow<\/em>, Regie: Poyraz D\u00fcrkheim, Rollen: Njuchin, Tolkatschov, <strong>Theater Unterm Turm, Berlin<\/strong><!--StartFragment --><!--StartFragment --><!--StartFragment -->[\/vc_column_text]<div class=\"cz_gap clr \" style=\"height: 50px\"><\/div><\/div><\/div><\/div><div id=\"cz_52892\" class=\"cz_52892\"><div class=\"cz_history_1 cz_has_year\"><span>2011<\/span><div>[vc_column_text]<!--StartFragment --><strong>&#8222;Talem&#8220;<\/strong> (Spielwiese, zwei im Quadrat), Regie: Poyraz D\u00fcrkheim, Rolle: Seri Belbel (der Mann), <strong>Theater unterm Turm, Berlin<\/strong><\/p>\n<p><strong>&#8222;Un sogno di una notte di mezz&#8217;estate&#8220;<\/strong> (Ein Sommernachtstraum), William Shakespeare, Regie: Poyraz D\u00fcrkheim, Rollen: Egeus, Puck, Squenz, <strong>Theaterfestval 2010 in Trento (S\u00fcdtirol)<\/strong>[\/vc_column_text]<div class=\"cz_gap clr \" style=\"height: 50px\"><\/div><\/div><\/div><\/div><div id=\"cz_35645\" class=\"cz_35645\"><div class=\"cz_history_1 cz_has_year\"><span>2010<\/span><div>[vc_column_text]<strong>&#8222;Warum soll eine Frau kein Verh\u00e4ltnis haben?&#8220;oder &#8222;Fritzi Massary und die M\u00e4nner&#8220;<\/strong>, <em>Schauspielrevue von James Lyons<\/em>, Regie: James Lyons, Rolle: Oscar Philadelphius, <strong>Kleines Theater Berlin<\/strong><\/p>\n<p><strong>&#8222;Reinecke Fuchs&#8220;<\/strong>, <em>J.W.v. Goethe<\/em>, Regie: Tobias Lenel, Rollen: Nobel, Isegrim, Braun, <strong>Kleistforum Frankfurt\/Oder<\/strong><\/p>\n<p><strong>&#8222;My Fair Lady&#8220;<\/strong>, <em>Musical von Lerner\/Loewe<\/em>, Regie: Barbette Bartz, Rolle: Freddy, <strong>Volkstheater Rostock<\/strong>[\/vc_column_text]<div class=\"cz_gap clr \" style=\"height: 50px\"><\/div><\/div><\/div><\/div><div id=\"cz_96148\" class=\"cz_96148\"><div class=\"cz_history_1 cz_has_year\"><span>2009<\/span><div>[vc_column_text]<strong>&#8222;Die Baccchien&#8220;<\/strong>, <em>Euripides<\/em>, Regie: Edda Klepp, Rolle: Kadmos, <strong>Regiefestival Hamburg, Hamburger Sprechwerk<\/strong><\/p>\n<p><strong>&#8222;Cabaret&#8220;<\/strong>, <em>Musical von Kander\/Ebb<\/em>, Regie: Paul Krippe, Rolle: Ernst Ludwig, <strong>Theater Bozen <\/strong>[\/vc_column_text]<div class=\"cz_gap clr \" style=\"height: 50px\"><\/div><\/div><\/div><\/div><div id=\"cz_20904\" class=\"cz_20904\"><div class=\"cz_history_1 cz_has_year\"><span>2008-2009<\/span><div>[vc_column_text]<!--StartFragment --><\/p>\n<p><strong>&#8222;Silk Stockings&#8220;<\/strong>, Musical von Cole Porter, Regie: Stefan Huber, Rolle: Boroff, <strong>Staatstheater N\u00fcrnberg<\/strong>[\/vc_column_text]<div class=\"cz_gap clr \" style=\"height: 50px\"><\/div><\/div><\/div><\/div><div id=\"cz_23857\" class=\"cz_23857\"><div class=\"cz_history_1 cz_has_year\"><span>2008<\/span><div>[vc_column_text]<strong>&#8222;Heidi 2&#8220;<\/strong>, <em>Musical von McKenna\/Keeling<\/em>, Regie: Stefan Huber, Rolle: Conrad Ferdinand Meyer, <strong>Seeb\u00fchne Walenstadt<\/strong> (CH)<\/p>\n<p><!--StartFragment -->[\/vc_column_text]<\/div><\/div><\/div><div id=\"cz_99795\" class=\"cz_99795\"><div class=\"cz_history_1 cz_has_year\"><span>2007<\/span><div>[vc_column_text]<!--StartFragment --><strong>&#8222;Richard III&#8220;<\/strong>, <em>Schauspiel von<\/em> <em>William Shakespeare<\/em>, Regie: Markus Kopf, Rollen: Lord Rivers, 2 M\u00f6rder, Tyrell, <strong>St\u00e4dtische B\u00fchnen M\u00fcnster<\/strong><\/p>\n<p><strong>&#8222;Der Kongress tanzt&#8220;<\/strong>, <em>deutsche B\u00fchnen Erstauff\u00fchrung nach dem Film von Erik Charell<\/em>, Regie: Stefan Huber, Rolle: Staatssekret\u00e4r Pepi, <strong>Theater Baden-Baden<\/strong>[\/vc_column_text]<div class=\"cz_gap clr \" style=\"height: 50px\"><\/div><\/div><\/div><\/div><div id=\"cz_110192\" class=\"cz_110192\"><div class=\"cz_history_1 cz_has_year\"><span>2006<\/span><div>[vc_column_text]<!--StartFragment --><\/p>\n<p><strong>&#8222;Anything Goes&#8220;<\/strong>, <em>Musical von Cole Porter<\/em>, Regie: Graig Simmons, Rolle: Lord Okleigh, <strong>Schlossfestspiele Ettlingen<\/strong><\/p>\n<p><strong>&#8222;Schloss Drau\u00dfendrin&#8220;,<\/strong> <em>Figurentheaterst\u00fcck (UA) nach dem Buch von Henry Wilson<\/em>, Rollen: Koch, Diener, Bauer, <strong>JES Stuttgart<\/strong>[\/vc_column_text]<div class=\"cz_gap clr \" style=\"height: 50px\"><\/div><\/div><\/div><\/div><div id=\"cz_23385\" class=\"cz_23385\"><div class=\"cz_history_1 cz_has_year\"><span>2005<\/span><div>[vc_column_text]<strong>&#8222;Iphigenie K\u00f6nigskind&#8220;<\/strong>, von Pauline Mol, Regie:Frank H\u00f6rner, Rolle: Agamemnon, <strong>JES-Stuttgart<\/strong><\/p>\n<p><strong>&#8222;Sugar&#8220;<\/strong> (Manche m\u00f6gens hei\u00df), <em>Musical von Stone\/Styne<\/em>, Regie: Valentina Semjonova, Rolle: Joe, <strong>Schlossfestspiele Ettlingen<\/strong><\/p>\n<p><strong>&#8222;Robin Hood&#8220;<\/strong> <em>frei nach einer Legende<\/em>, Regie: Lee Beagley, Rollen: M\u00f6nch, False Robin,<strong> JES-Stuttgart<\/strong>[\/vc_column_text]<div class=\"cz_gap clr \" style=\"height: 50px\"><\/div><\/div><\/div><\/div><div id=\"cz_31522\" class=\"cz_31522\"><div class=\"cz_history_1 cz_has_year\"><span>2004<\/span><div>[vc_column_text]<!--StartFragment --><\/p>\n<p><strong>&#8222;Romeo und Julia&#8220;<\/strong>, <em>von William Shakespeare<\/em>, Regie: J. Fl\u00fcgge, Rolle: Benvolio, <strong>Schlossfestspiele Ettlingen<\/strong><\/p>\n<p><strong>&#8222;Sleeping Beauty&#8220;<\/strong>, <em>frei nach Charles Perrault<\/em>, Regie: Stefan Moskov, Rolle: Prinz, <strong>JES-Stuttgart<\/strong>[\/vc_column_text]<div class=\"cz_gap clr \" style=\"height: 50px\"><\/div><\/div><\/div><\/div><div id=\"cz_28953\" class=\"cz_28953\"><div class=\"cz_history_1 cz_has_year\"><span>2003<\/span><div>[vc_column_text]<!--StartFragment --><\/p>\n<p><strong>&#8222;Die Br\u00fcder L\u00f6wenherz&#8220;<\/strong>, <em>von Astrid Lindgren<\/em>, Regie: Barry Goldman, Rolle: Jonathan, <strong>St\u00e4dtische B\u00fchnen M\u00fcnster<\/strong><\/p>\n<p><strong>&#8222;Das Cabinet des Dr. Caligari&#8220;<\/strong>,<em> Schauspielmusical von Toni Matheis<\/em>, Regie: J\u00fcrgen Fl\u00fcgge, Rolle: Cesare, <strong>Schlossfestspiele Ettlingen<\/strong>[\/vc_column_text]<div class=\"cz_gap clr \" style=\"height: 50px\"><\/div><\/div><\/div><\/div><div id=\"cz_51167\" class=\"cz_51167\"><div class=\"cz_history_1 cz_has_year\"><span>2002<\/span><div>[vc_column_text]<!--StartFragment --><\/p>\n<p><strong>&#8222;Hamlet&#8220;<\/strong>, <em>von William Shakespeare<\/em>, Regie: Tobias Lenel, Rollen: Rosenkranz, Osric, <strong>St\u00e4dtische B\u00fchnen M\u00fcnster<\/strong><\/p>\n<p><strong>&#8222;Sch\u00f6ne neue Welt&#8220;<\/strong>, <em>von Thomas Richarts<\/em>, Regie: Andreas Robertz, Rolle: Benito, <strong>St\u00e4dtische B\u00fchnen M\u00fcnster<\/strong>[\/vc_column_text]<div class=\"cz_gap clr \" style=\"height: 50px\"><\/div><\/div><\/div><\/div><div id=\"cz_49774\" class=\"cz_49774\"><div class=\"cz_history_1 cz_has_year\"><span>2001-2002<\/span><div>[vc_column_text]<!--StartFragment --><strong>&#8222;Ronja R\u00e4ubertochter&#8220;, <\/strong><em>von Astrid Lindgren<\/em><strong>, <\/strong>Regie: Andreas Robertz, Rolle: Birk, <strong>St\u00e4dtische B\u00fchnen M\u00fcnster<\/strong>[\/vc_column_text]<div class=\"cz_gap clr \" style=\"height: 50px\"><\/div><\/div><\/div><\/div><div id=\"cz_35446\" class=\"cz_35446\"><div class=\"cz_history_1 cz_has_year\"><span>1999-2000<\/span><div>[vc_column_text]<!--StartFragment --><\/p>\n<p><strong>&#8222;Leonce und Lena&#8220;<\/strong> von Georg B\u00fcchner, Regie: Martin J\u00fcrgens, Rolle: Leonce, <strong>Wolfgang Borchert Theater, M\u00fcnster<\/strong><\/p>\n<p><strong>&#8222;In 80 Tagen um die Welt&#8220;<\/strong> <em>von Jules Verne<\/em>, Regie: Holk Freytag, Rolle: Inspektor Fix, <strong>Schillertheater NRW<\/strong><\/p>\n<p><strong>&#8222;Familiengeschichten.Belgrad&#8220;<\/strong> <em>von B. Sbriljanovic<\/em>, Regie: Eva Teilmans, Rolle: Vojin, <strong>Wolfgang Borchert Theater M\u00fcnster<\/strong>[\/vc_column_text]<div class=\"cz_gap clr \" style=\"height: 50px\"><\/div><\/div><\/div><\/div><div id=\"cz_14128\" class=\"cz_14128\"><div class=\"cz_history_1 cz_has_year\"><span>1998-2001<\/span><div>[vc_column_text]<!--StartFragment --><\/p>\n<p><strong>&#8222;Jedermann&#8220;<\/strong> <em>von Hugo von Hoffmansthal<\/em>, Regie: Gernot Friedel, Rolle: Knecht, <strong>Salzburger Festspiele<\/strong>[\/vc_column_text]<div class=\"cz_gap clr \" style=\"height: 50px\"><\/div><\/div><\/div><\/div><div id=\"cz_59220\" class=\"cz_59220\"><div class=\"cz_history_1 cz_has_year\"><span>1998-1999<\/span><div>[vc_column_text]<strong>&#8222;Kasimir und Karoline&#8220;<\/strong>, <em>von \u00d6d\u00f6n von Horvath<\/em>, Regie: Tobias Lenel, Rollen: Ausrufer, Arzt, <strong>St\u00e4dtische B\u00fchnen M\u00fcnster<\/strong><\/p>\n<p><!--StartFragment --><strong>&#8222;Fr\u00fchlingserwachen&#8220;<\/strong> <em>von Frank Wedekind, <\/em>Regie: Andr\u00e9 Sebastian, Rollen: Moritz Stiefel, <strong>St\u00e4dtische B\u00fchnen M\u00fcnster<\/strong><\/p>\n<p><strong>&#8222;Westside Story&#8220;<\/strong>, <em>Musical von Leonard Bernstein, <\/em>Regie: Christian von Goetz, Rolle: Riff, <strong>St\u00e4dtische B\u00fchnen M\u00fcnster<\/strong><\/p>\n<p><strong>&#8222;Gianni, Ginetta und die anderen&#8220;<\/strong> <em>von Lina Werthm\u00fcller<\/em>, Regie: S. Richter, Rolle: Luca, <strong>St\u00e4dtische B\u00fchnen M\u00fcnster<\/strong><\/p>\n<p><!--StartFragment -->[\/vc_column_text]<\/div><\/div><\/div><div id=\"cz_98479\" class=\"cz_98479\"><div class=\"cz_history_1 cz_has_year\"><span>1997-1998<\/span><div>[vc_column_text]<strong>&#8222;Ein Sportst\u00fcck&#8220;<\/strong> <em>von Elfriede Jelinek<\/em>, Regie: Einar Schleef, Rolle: Chor, <strong>Burgtheater Wien<\/strong>[\/vc_column_text]<div class=\"cz_gap clr \" style=\"height: 50px\"><\/div><\/div><\/div><\/div><div id=\"cz_55428\" class=\"cz_55428\"><div class=\"cz_history_1 cz_has_year\"><span>1997<\/span><div>[vc_column_text]<strong>&#8222;Rose, Regen. Schwert und Wunde&#8220;<\/strong>, <em>von Beat Feah, <\/em>Regie: Hans Escher, Rolle: Demetrius, <strong>Hochschule Graz<\/strong><\/p>\n<p><!--StartFragment --><strong>&#8222;Vom Schaden des Tabaks&#8220;<\/strong> <em>von Anton Tschechow, <\/em>Regie: J\u00f6rg Lichtenstein, Rolle: Njuchin, <strong>Hochschule Graz<\/strong>[\/vc_column_text]<div class=\"cz_gap clr \" style=\"height: 50px\"><\/div><\/div><\/div><\/div><div id=\"cz_19524\" class=\"cz_19524\"><div class=\"cz_history_1 cz_has_year\"><span>1996-1997<\/span><div>[vc_column_text]<strong>&#8222;Der Mann von La Mancha&#8220;<\/strong>, <em>Musical von Wassermann\/Leigh<\/em>, Regie: Attila Lang, Rolle: Paco, <strong>Grazer Oper<\/strong><\/p>\n<p><!--StartFragment -->[\/vc_column_text]<\/div><\/div><\/div><div id=\"cz_17530\" class=\"cz_17530\"><div class=\"cz_history_1 cz_has_year\"><span>1995-1996<\/span><div>[vc_column_text]<strong>&#8222;Richard III&#8220;<\/strong> <em>von William Shakepeare<\/em>, Regie: Lutz Graf, Rollen: Lord Grey\/Geist, <strong>Schauspielhaus Graz<\/strong><\/p>\n<p><!--StartFragment -->[\/vc_column_text]<\/div><\/div><\/div><div id=\"cz_66479\" class=\"cz_66479\"><div class=\"cz_history_1 cz_has_year\"><span>1994-1995<\/span><div>[vc_column_text]<!--StartFragment --><strong>&#8222;Oh, Pinocchio&#8220;<\/strong>, <em>Musical von Viktor Fortin<\/em>, Regie: Viktor Fortin, Rolle: Pinocchio, <strong>Schauspielhaus Graz<\/strong>[\/vc_column_text]<div class=\"cz_gap clr \" style=\"height: 50px\"><\/div><\/div><\/div><\/div><div id=\"cz_44831\" class=\"cz_44831\"><div class=\"cz_history_1 cz_has_year\"><span>1994<\/span><div>[vc_column_text]<strong>&#8222;Schroffenstein&#8220;<\/strong> <em>nach Kleist<\/em>, Regie: Lutz Graf, Rolle: Mitglied im Hause Rossitz, <strong>Schauspielhaus Graz<\/strong>[\/vc_column_text]<\/div><\/div><\/div>[\/vc_column][\/vc_row][vc_row][vc_column width=&#8220;1\/3&#8243;][\/vc_column][\/vc_row][vc_row][vc_column]<div class=\"cz_gap clr \" style=\"height: 130px\"><\/div><div id=\"cz_49740\" class=\"cz_49740 cz_title clr cz_title_pos_inline\"><div class=\"cz_title_shape shape_text cz_shape_1\">Theater | Film | Funk | Fernsehen<\/div><div class=\"cz_title_content\"><span class=\"cz_line_side_solo\">_<\/span><div class=\"cz_wpe_content\"><\/div><span class=\"cz_line_side_solo cz_line_side_after\" style=\"left:-30px\">_<\/span><\/div><\/div>[\/vc_column][\/vc_row]<\/p>\n<\/div>","protected":false},"excerpt":{"rendered":"<p>kann auf eine fast 30 j\u00e4hrige B\u00fchnenpr\u00e4senz zur\u00fcckblicken. Er arbeitet Genre &#8230; <\/p>\n","protected":false},"author":1,"featured_media":0,"parent":0,"menu_order":0,"comment_status":"closed","ping_status":"closed","template":"","meta":{"footnotes":""},"class_list":["post-6","page","type-page","status-publish","hentry"],"_links":{"self":[{"href":"https:\/\/franzfrickel.de\/index.php?rest_route=\/wp\/v2\/pages\/6","targetHints":{"allow":["GET"]}}],"collection":[{"href":"https:\/\/franzfrickel.de\/index.php?rest_route=\/wp\/v2\/pages"}],"about":[{"href":"https:\/\/franzfrickel.de\/index.php?rest_route=\/wp\/v2\/types\/page"}],"author":[{"embeddable":true,"href":"https:\/\/franzfrickel.de\/index.php?rest_route=\/wp\/v2\/users\/1"}],"replies":[{"embeddable":true,"href":"https:\/\/franzfrickel.de\/index.php?rest_route=%2Fwp%2Fv2%2Fcomments&post=6"}],"version-history":[{"count":75,"href":"https:\/\/franzfrickel.de\/index.php?rest_route=\/wp\/v2\/pages\/6\/revisions"}],"predecessor-version":[{"id":1232,"href":"https:\/\/franzfrickel.de\/index.php?rest_route=\/wp\/v2\/pages\/6\/revisions\/1232"}],"wp:attachment":[{"href":"https:\/\/franzfrickel.de\/index.php?rest_route=%2Fwp%2Fv2%2Fmedia&parent=6"}],"curies":[{"name":"wp","href":"https:\/\/api.w.org\/{rel}","templated":true}]}}